{"id":17,"date":"2018-10-20T09:51:54","date_gmt":"2018-10-20T09:51:54","guid":{"rendered":"http:\/\/genesis.st-josef-marktredwitz.de\/?page_id=17"},"modified":"2025-09-06T16:15:21","modified_gmt":"2025-09-06T16:15:21","slug":"impressum-datenschutzerklaerung-und-haftungsaussschluss","status":"publish","type":"page","link":"https:\/\/www.st-josef-marktredwitz.de\/?page_id=17","title":{"rendered":"Impressum und Datenschutzerkl\u00e4rung"},"content":{"rendered":"\n<h2 class=\"wp-block-heading\"><strong>Impressum<\/strong><\/h2>\n\n\n\n<h4 class=\"wp-block-heading\">Katholisches Pfarramt St. Josef<\/h4>\n\n\n\n<p>Bahnhofstra\u00dfe 9<br>95615 Marktredwitz<br>Tel.: 09231\/9652-0<\/p>\n\n\n\n<p><a href=\"mailto:st-josef.marktredwitz@bistum-regensburg.de\">st-josef.marktredwitz(at)bistum-regensburg.de<\/a><\/p>\n\n\n\n<h4 class=\"wp-block-heading\">Verantwortlich f\u00fcr den Inhalt:<\/h4>\n\n\n\n<p>Pfarrer Stefan Langer<\/p>\n\n\n\n<h2 class=\"wp-block-heading\"><strong>Datenschutzerkl\u00e4rung<\/strong><\/h2>\n\n\n\n<p>Wir freuen uns \u00fcber Ihren Besuch auf unserer Webseite und \u00fcber Ihr Interesse an unseren Einrichtungen und Dienstleistungen. Der Schutz Ihrer pers\u00f6nlichen Daten ist uns ein ernstes Anliegen. In der Di\u00f6zese Regensburg gelten &#8211; wie in allen deutschen (Erz-)Di\u00f6zesen &#8211; f\u00fcr die Verarbeitung personenbezogener Daten die Bestimmungen des Gesetzes \u00fcber den Kirchlichen Datenschutz (KDG) einschlie\u00dflich der Verordnung zur Durchf\u00fchrung der Anordnung \u00fcber den kirchlichen Datenschutz (KDO-DVO) (zu finden unter\u00a0<a href=\"https:\/\/bistum-regensburg.de\/bistum\/dienst-fuer-pfarreien\/datenschutz\">www.bistum-regensburg.de\/bistum\/dienst-fuer-pfarreien\/datenschutz\/<\/a>) sowie die sonstigen anzuwendenden kirchlichen und staatlichen Datenschutzvorschriften. Wir verarbeiten Ihre personenbezogenen Daten im Rahmen dieser Webseite ausschlie\u00dflich gem\u00e4\u00df den gesetzlichen Datenschutzvorschriften sowie in dieser Datenschutzerkl\u00e4rung dargestellt.<\/p>\n\n\n\n<h3 class=\"wp-block-heading\"><strong>1 Allgemeines<\/strong><\/h3>\n\n\n\n<p><strong>1.1&nbsp;&nbsp;&nbsp;&nbsp;&nbsp;&nbsp; Personenbezogene Daten:&nbsp;<\/strong>\u201ePersonenbezogene Daten\u201c sind alle Informationen, die sich auf eine identifizierte oder identifizierbare nat\u00fcrliche Person (im Folgenden \u201ebetroffene Person\u201c) beziehen; als identifizierbar wird eine nat\u00fcrliche Person angesehen, die direkt oder indirekt, insbesondere mittels Zuordnung zu einer Kennung wie einem Namen, zu einer Kennnummer, zu Standortdaten, zu einer Online-Kennung oder zu einem oder mehreren besonderen Merkmalen, die Ausdruck der physischen, physiologischen, genetischen, psychischen, wirtschaftlichen, kulturellen oder sozialen Identit\u00e4t dieser nat\u00fcrlichen Person sind, identifiziert werden kann.<\/p>\n\n\n\n<p>Beispiele: Name, Adresse, E-Mail-Adressen, Nutzerverhalten.<\/p>\n\n\n\n<p><strong>1.2&nbsp; &nbsp; &nbsp; &nbsp;&nbsp;<\/strong>Soweit nachfolgend nicht ausdr\u00fccklich anderweitig beschrieben, gilt im Rahmen des Betriebs und der Nutzung dieser Webseite Folgendes:<\/p>\n\n\n\n<p><strong>1.2.1&nbsp;&nbsp;&nbsp;&nbsp;&nbsp;<\/strong>Drittl\u00e4nder: Ihre Daten werden nur in Deutschland verarbeitet. Wir beabsichtigen nicht, ihre personenbezogenen Daten an oder in ein Drittland oder an eine internationale Organisation zu \u00fcbermitteln.<\/p>\n\n\n\n<p><strong>1.2.2&nbsp;&nbsp;&nbsp;&nbsp;&nbsp;<\/strong>Automatisierte Entscheidungen und Profiling: Wir nutzen Ihre personenbezogenen Daten weder zum Finden automatisierter Entscheidungen noch zur Durchf\u00fchrung von Profiling.<\/p>\n\n\n\n<p><strong>1.2.3&nbsp;&nbsp;&nbsp;&nbsp;&nbsp;<\/strong>Zweck\u00e4nderungen: Die gegebenenfalls jeweils erhobenen personenbezogenen Daten werden ausschlie\u00dflich zu dem jeweils angegebenen Zweck(en) verarbeitet. Wir werden Ihre personenbezogenen Daten nicht zu einem anderen Zweck weiterverarbeiten.<\/p>\n\n\n\n<p><strong>1.3&nbsp;<\/strong>&nbsp;Geschlechtsspezifische Anreden: Aus Gr\u00fcnden der besseren Lesbarkeit wird im Text im Folgenden auf die gleichzeitige Verwendung der weiblichen und m\u00e4nnlichen Form verzichtet.<\/p>\n\n\n\n<h3 class=\"wp-block-heading\"><strong>2 Verantwortlicher<\/strong><\/h3>\n\n\n\n<p>Verantwortlich im Sinne der datenschutzrechtlichen Bestimmungen ist:<\/p>\n\n\n\n<p>Pfarrer Stefan Langer<br>Bahnhofstra\u00dfe 9<br>D-95615 Marktredwitz<br><a href=\"mailto:st-josef.marktredwitz@bistum-regensburg.de\">st-josef.marktredwitz(at)bistum-regensburg.de<\/a><br>Tel.: 09231\/9652-0<\/p>\n\n\n\n<p>Der zust\u00e4ndige betriebliche Datenschutzbeauftragte ist zu erreichen unter:<\/p>\n\n\n\n<p>Di\u00f6zese Regensburg Kd\u00f6R<br>Stabsstelle Datenschutz<br>Niederm\u00fcnstergasse 1<br>93047 Regensburg<br>Telefon: 0941 \/ 597-1256<br>E-Mail: <a href=\"mailto:datenschutz.pfarreien@bistum-regensburg.de\">dsb.pfarreien@bistum-regensburg.de<\/a><\/p>\n\n\n\n<p>Wir m\u00f6chten Sie an dieser Stelle auf das Recht zur Beschwerde bei der Datenschutzaufsicht gem\u00e4\u00df \u00a7 48 KDG hinweisen. Demnach hat jede betroffene Person unbeschadet eines anderweitigen Rechtsbehelfs das Recht auf Beschwerde bei der Datenschutzaufsicht, wenn sie der Ansicht ist, dass die Verarbeitung der sie betreffenden personenbezogenen Daten gegen Vorschriften des Gesetzes \u00fcber den Kirchlichen Datenschutz (KDG) oder gegen andere Datenschutzvorschriften verst\u00f6\u00dft. Die Einhaltung des Dienstwegs ist dabei nicht erforderlich.<\/p>\n\n\n\n<p>Die Kontaktdaten der zust\u00e4ndigen Datenschutzaufsicht lauten:<\/p>\n\n\n\n<p>Katholisches Datenschutzzentrum Bayern (Kd\u00f6R)<br>Datenschutzaufsicht f\u00fcr die bayerischen (Erz-)Di\u00f6zesen<br>Vordere Sterngasse 1<br>90402 N\u00fcrnberg<br>Tel.: +49 911 477740 50 | Fax: 0911 477740 59<br>E-Mail: <a href=\"mailto:post@kdsz.bayern\">post@kdsz.bayern<\/a><br>Internet: <a href=\"http:\/\/www.kdsz.bayern\">www.kdsz.bayern<\/a><\/p>\n\n\n\n<h3 class=\"wp-block-heading\"><strong>3 Nutzung der Webseite<\/strong><\/h3>\n\n\n\n<p><strong>3.1&nbsp;&nbsp;&nbsp;&nbsp;&nbsp;&nbsp;<\/strong>Art und Umfang der Datenverarbeitung: Beim Aufruf unserer Webseite ist es technisch notwendig verschiedene Daten zu verarbeiten, damit eine fehlerfreie Kommunikation zwischen Ihrem Internetbrowser (bspw. Firefox oder Internet Explorer) und unserem Webserver m\u00f6glich ist. Dabei werden automatisch folgende Daten erhoben und in einer sogenannten Log-Datei protokolliert:<\/p>\n\n\n\n<ul class=\"wp-block-list\">\n<li>Datum und Uhrzeit des Zugriffs<\/li>\n\n\n\n<li>Der Name der abgerufenen Datei<\/li>\n\n\n\n<li>Die Menge der gesendeten Daten<\/li>\n\n\n\n<li>Eine Statusmeldung, ob der Abruf erfolgreich war<\/li>\n\n\n\n<li>Die Webadresse der verweisenden Webseite (URL)<\/li>\n\n\n\n<li>Browsertyp und -version<\/li>\n\n\n\n<li>Betriebssystemtyp und -version<\/li>\n\n\n\n<li>IP-Adresse<\/li>\n\n\n\n<li>Zugangsprovider<\/li>\n<\/ul>\n\n\n\n<p><strong>3.2&nbsp;&nbsp;&nbsp;&nbsp;&nbsp;&nbsp;&nbsp;&nbsp;<\/strong>Zweck: Wir erheben diese Daten ausschlie\u00dflich in nicht-personenbezogener Form. Dies geschieht, um die Nutzung der von Ihnen abgerufenen Webseiten \u00fcberhaupt zu erm\u00f6glichen, insbesondere zum Zwecke der systeminternen technischen Verarbeitung (Verbindungsaufbau), der Systemsicherheit, der technischen Administration der System- und Netzinfrastruktur sowie zur Optimierung des Internetangebotes. Eine personenbezogene Auswertung findet grunds\u00e4tzlich nicht statt. Wir behalten es uns jedoch vor, die Log-Datei nachtr\u00e4glich zu \u00fcberpr\u00fcfen, wenn aufgrund konkreter Anhaltspunkte der berechtigte Verdacht einer rechtswidrigen Nutzung besteht.<\/p>\n\n\n\n<p><strong>3.3&nbsp;&nbsp;&nbsp;&nbsp;&nbsp;&nbsp;&nbsp;&nbsp;<\/strong>Rechtsgrundlage: Die vor\u00fcbergehende Verarbeitung der Daten und der Log-Datei erfolgt aus berechtigtem Interesse zu oben genanntem Zweck gem. \u00a7 6 Ziffer 1 lit. (g) KDG.<\/p>\n\n\n\n<p><strong>3.4&nbsp;&nbsp;&nbsp;&nbsp;&nbsp;&nbsp;&nbsp;&nbsp;<\/strong>Empf\u00e4nger der Daten: Die Daten werden notwendigerweise an unseren Hostinganbieter weitergeleitet, bei dem unser Webserver physisch und technisch verwaltet wird:&nbsp; STRATO AG,&nbsp; Pascalstra\u00dfe 10, 10587 Berlin<\/p>\n\n\n\n<p><strong>3.5&nbsp;&nbsp;&nbsp;&nbsp;&nbsp;&nbsp;&nbsp;&nbsp;<\/strong>Speicherdauer und L\u00f6schung: Die IP-Adresse speichern wir f\u00fcr die Dauer Ihres Besuchs und bis zu sieben Tage nach dessen Beendigung. Danach werden die Daten automatisiert gel\u00f6scht.<\/p>\n\n\n\n<p><strong>3.6&nbsp;&nbsp;&nbsp;&nbsp;&nbsp;&nbsp;<\/strong>Widerspruch oder Widerruf: Diese Datenverarbeitung ist f\u00fcr den Betrieb unserer Webseite zwingend erforderlich. Daher besteht keine Widerspruchsm\u00f6glichkeit.<\/p>\n\n\n\n<h3 class=\"wp-block-heading\"><strong>4 Information \u00fcber Ihre Rechte als betroffene Person (\u00a7 15 Ziffer 2 lit. (b) KDG)<\/strong><\/h3>\n\n\n\n<p><strong>4.1&nbsp;&nbsp;&nbsp;&nbsp;&nbsp;&nbsp;<\/strong>Bei Vorliegen der gesetzlichen Voraussetzungen haben Sie &#8211; sofern nicht ein gesetzlicher Ausnahmefall gegeben ist &#8211; gegen\u00fcber uns folgende Rechte hinsichtlich der Sie betreffenden personenbezogenen Daten:<\/p>\n\n\n\n<ul class=\"wp-block-list\">\n<li>Recht auf&nbsp;<strong>Auskunft&nbsp;<\/strong>(\u00a7 17 KDG): Sie haben das Recht, von dem Verantwortlichen eine Auskunft dar\u00fcber zu verlangen, ob Sie betreffende personenbezogene Daten verarbeitet werden. Ist dies der Fall, so haben Sie das Recht auf Auskunft \u00fcber diese personenbezogenen Daten und damit im Zusammenhang stehende weitergehende Informationen.<\/li>\n\n\n\n<li>Recht auf&nbsp;<strong>Berichtigung&nbsp;<\/strong>(\u00a7 18 KDG): Sie haben das Recht, von dem Verantwortlichen unverz\u00fcglich die Berichtigung Sie betreffender unrichtiger personenbezogener Daten zu verlangen. Unter Ber\u00fccksichtigung der Zwecke der Verarbeitung haben Sie das Recht, die Vervollst\u00e4ndigung unvollst\u00e4ndiger personenbezogener Daten \u2013 auch mittels einer erg\u00e4nzenden Erkl\u00e4rung \u2013 zu verlangen.<\/li>\n\n\n\n<li>Recht auf&nbsp;<strong>L\u00f6schung&nbsp;<\/strong>( 19 KDG): Sie haben das Recht, von dem Verantwortlichen zu verlangen, dass Sie betreffende personenbezogene Daten unverz\u00fcglich gel\u00f6scht werden, und der Verantwortliche ist verpflichtet, personenbezogene Daten unverz\u00fcglich zu l\u00f6schen, sofern einer der Gr\u00fcnde des \u00a7 19 Ziffer 1 KDG zutrifft und kein Ausnahmetatbestand eingreift.<\/li>\n\n\n\n<li>Recht auf&nbsp;<strong>Einschr\u00e4nkung der Verarbeitung&nbsp;<\/strong>(\u00a7 20 KDG): Sie haben das Recht, von dem Verantwortlichen die Einschr\u00e4nkung der Verarbeitung (ehemals: Sperre) Ihrer personenbezogenen Daten zu verlangen, wenn eine der Voraussetzungen des 20 Ziffer 1 KDG gegeben ist und kein Ausnahmetatbestand eingreift.<\/li>\n\n\n\n<li>Recht auf&nbsp;<strong>Daten\u00fcbertragbarkeit&nbsp;<\/strong>( 22 KDG): Sie haben das Recht, die Sie betreffenden personenbezogenen Daten, die sie einem Verantwortlichen bereitgestellt haben, in einem strukturierten, g\u00e4ngigen und maschinenlesbaren Format zu erhalten, und sie haben das Recht, diese Daten einem anderen Verantwortlichen ohne Behinderung durch den Verantwortlichen, dem die personenbezogenen Daten bereit gestellt wurden, zu \u00fcbermitteln, sofern die weiteren Voraussetzungen des \u00a7 22 Ziffer 1 KDG gegeben sind und kein Ausnahmetatbestand eingreift.<\/li>\n\n\n\n<li>Recht auf&nbsp;<strong>Widerspruch gegen die Verarbeitung&nbsp;<\/strong>( 23 KDG): Sie haben das Recht, aus Gr\u00fcnden, die sich aus ihrer besonderen Situation ergeben, jederzeit gegen die Verarbeitung sie betreffender personenbezogener Daten, die aufgrund von \u00a7 6 Absatz 1 lit. (f) (kirchliches Interesse oder Aus\u00fcbung \u00f6ffentlicher Gewalt) oder (g) (Wahrung berechtigter Interessen) KDG erfolgt, Widerspruch einzulegen.<\/li>\n<\/ul>\n\n\n\n<p><strong>4.2&nbsp;&nbsp;&nbsp;&nbsp;&nbsp;&nbsp;&nbsp;&nbsp;<\/strong>Wenn Sie sich auf unserer Webseite registriert haben, so haben Sie teilweise die M\u00f6glichkeit, Ihre gespeicherten Daten selbst einzusehen, zu berichtigen und zu l\u00f6schen.<\/p>\n\n\n\n<p><strong>4.3&nbsp;&nbsp;&nbsp;&nbsp;&nbsp;&nbsp;&nbsp;&nbsp;<\/strong>Wenn Sie dar\u00fcber hinaus Auskunft \u00fcber Ihre personenbezogenen Daten w\u00fcnschen oder weitergehende Fragen \u00fcber die Verarbeitung Ihrer uns \u00fcberlassenen personenbezogenen Daten haben, sowie eine Korrektur oder L\u00f6schung Ihrer Daten veranlassen m\u00f6chten, so wenden Sie sich bitte an die unter Ziffer 5 \u201eAus\u00fcbung des Widerspruchs- und Widerrufsrechts\u201c angegebene Kontaktadresse.<\/p>\n\n\n\n<h3 class=\"wp-block-heading\"><strong>5 Aus\u00fcbung des Widerspruchs- und Widerrufsrechts<\/strong><\/h3>\n\n\n\n<p>Sie haben ggf. das Recht, der Verarbeitung Ihrer Daten zu widersprechen (s. o. 4.1 letztes Aufz\u00e4hlungszeichen). Zudem haben Sie das Recht, eine an uns erteilte Einwilligung \u2013 beispielsweise f\u00fcr den Versand eines Newsletters an Sie \u2013 mit Wirkung f\u00fcr die Zukunft zu widerrufen. In diesem Fall werden wir die Verarbeitung Ihrer Daten zu diesem Zweck unverz\u00fcglich unterlassen. Einen Widerspruch oder Widerruf k\u00f6nnen Sie jederzeit ohne Angabe von Gr\u00fcnden formlos per Post, Telefax oder Email an uns \u00fcbermitteln.<\/p>\n\n\n\n<p>Per Post:<\/p>\n\n\n\n<p>Katholisches Pfarramt St. Josef<br>Bahnhofstra\u00dfe 9<br>95615 Marktredwitz<\/p>\n\n\n\n<p>Per Fax:<\/p>\n\n\n\n<p>09231\/9652-13<\/p>\n\n\n\n<p>Per Email:<\/p>\n\n\n\n<p><a href=\"mailto:st-josef.marktredwitz@bistum-regensburg.de\">st-josef.marktredwitz(at)bistum-regensburg.de<\/a><\/p>\n\n\n\n<h3 class=\"wp-block-heading\"><strong>6 Erteilte Einwilligungen<\/strong><\/h3>\n\n\n\n<p>Soweit erforderlich haben Sie uns ggf. Einwilligungen zur Verarbeitung Ihrer personenbezogenen Daten erteilt. In diesem Fall haben wir Ihre Einwilligung jeweils protokolliert. Wir sind gesetzlich verpflichtet, den Text der jeweiligen Einwilligung jederzeit f\u00fcr Sie abrufbar zu halten. Selbstverst\u00e4ndlich k\u00f6nnen Sie uns erteilte Einwilligungen jederzeit mit Wirkung f\u00fcr die Zukunft widerrufen. Wie Sie Ihr Widerrufsrecht aus\u00fcben k\u00f6nnen, erfahren Sie unter Ziffer 5 \u201eAus\u00fcbung des Widerspruchs- und Widerrufsrechts\u201c.<\/p>\n\n\n\n<h3 class=\"wp-block-heading\">7 Cookies<\/h3>\n\n\n\n<p><strong>7.1&nbsp;&nbsp;&nbsp;&nbsp;&nbsp;&nbsp; Art und Umfang der Datenverarbeitung:&nbsp;<\/strong>Unser Portal setzt kleine Textdateien ein, die auch \u201eCookies\u201c genannt werden. Diese Cookies werden im Speicher Ihres Browsers abgelegt und dadurch auf Ihrem Computer gespeichert. Dies erm\u00f6glicht eine eindeutige Identifizierung Ihres Browsers beim Aufruf unserer Webseite. Selbstverst\u00e4ndlich k\u00f6nnen Sie unsere Webseite auch ohne Cookies nutzen.<\/p>\n\n\n\n<p><strong>7.2&nbsp;&nbsp;&nbsp;&nbsp;&nbsp;&nbsp;&nbsp; Zweck:&nbsp;<\/strong>Das Setzen von Cookies dient dem Zweck, Ihnen technische M\u00f6glichkeiten, wie bspw. eine Registrierung und die nachfolgende Anmeldung auf unserer Webseite anbieten zu k\u00f6nnen. So werden Cookies bei uns eingesetzt:<\/p>\n\n\n\n<ul class=\"wp-block-list\">\n<li>Zur technischen Sitzungssteuerung<\/li>\n\n\n\n<li>Zur Speicherung Ihrer individuellen Einstellungen<\/li>\n\n\n\n<li>Zur Erkennung Ihres Browsers<\/li>\n\n\n\n<li>Zur Registrierung und zum Login<\/li>\n<\/ul>\n\n\n\n<p><strong>&nbsp;7<\/strong><strong>.3&nbsp;&nbsp;&nbsp;&nbsp;&nbsp;&nbsp;&nbsp; Rechtsgrundlage:&nbsp;<\/strong>Die Verarbeitung der Daten erfolgt aus berechtigtem Interesse zu oben genanntem Zweck gem. \u00a7 6 Ziffer 1 lit. (g) KDG.<\/p>\n\n\n\n<p><strong>7.4&nbsp;&nbsp;&nbsp;&nbsp;&nbsp;&nbsp;&nbsp; Speicherdauer und L\u00f6schung:&nbsp;<\/strong>Cookies werden grunds\u00e4tzlich solange auf Ihrem Computer gespeichert, bis Sie selbst die L\u00f6schung veranlassen. Sie haben die volle Kontrolle \u00fcber die Verwendung von Cookies \u00fcber Ihre Browsereinstellungen. Details hierzu erfragen Sie bitte bei Ihrem jeweiligen Browserhersteller.<\/p>\n\n\n\n<p><strong>7.5&nbsp;&nbsp;&nbsp;&nbsp;&nbsp;&nbsp; Widerspruch oder Widerruf:&nbsp;<\/strong>Sollten Sie die Verwendung von Cookies ablehnen, so haben Sie jederzeit die M\u00f6glichkeit, in ihren Browsereinstellungen das Setzen von Cookies auf Ihrem Computer zu unterbinden, oder f\u00fcr jeden Cookie einzeln gefragt zu werden, ob sie diesen zulassen m\u00f6chten. Details hierzu erfragen Sie bitte bei Ihrem jeweiligen Browserhersteller. Bitte beachten Sie jedoch, dass das Blockieren von Cookies zu Funktionseinschr\u00e4nkungen unserer Angebote f\u00fchren kann.<\/p>\n\n\n\n<h3 class=\"wp-block-heading\"><strong>8&nbsp;&nbsp;Elektronische Post (Email) \/ Kontaktaufnahme<\/strong><\/h3>\n\n\n\n<p><strong>&nbsp;8<\/strong><strong>.1&nbsp;&nbsp;&nbsp;&nbsp;&nbsp;&nbsp;<\/strong>Informationen, die Sie unverschl\u00fcsselt per Elektronischer Post (Email) an uns senden, k\u00f6nnen m\u00f6glicherweise auf dem \u00dcbertragungsweg von Dritten gelesen werden. Wir k\u00f6nnen in der Regel auch Ihre Identit\u00e4t nicht \u00fcberpr\u00fcfen und wissen nicht, wer wirklicher Inhaber einer Emailadresse ist. Eine rechtssichere Kommunikation durch einfache Email ist daher nicht gew\u00e4hrleistet. Wie viele Anbieter setzen wir Filter gegen unerw\u00fcnschte Werbung (\u201eSPAM- Filter\u201c) ein, die in einigen F\u00e4llen auch normale Emails f\u00e4lschlicherweise automatisch als unerw\u00fcnschte Werbung einordnen und l\u00f6schen. Emails, die sch\u00e4digende Programme (\u201eViren\u201c) enthalten, werden von uns in jedem Fall automatisch gel\u00f6scht. Wenn Sie schutzw\u00fcrdige Nachrichten an uns senden wollen, empfehlen wir, die Nachricht auf konventionellem Postwege an uns zu senden.<\/p>\n\n\n\n<p><strong>8<\/strong><strong>.2&nbsp;&nbsp;&nbsp;&nbsp;&nbsp; Art und Umfang der Datenverarbeitung:&nbsp;<\/strong>Im Falle der Kontaktaufnahme mit uns werden Ihre Daten, Ihre IP-Adresse sowie Datum und Uhrzeit gespeichert.<\/p>\n\n\n\n<p><strong>8<\/strong><strong>.3&nbsp;&nbsp;&nbsp;&nbsp;&nbsp; Zweck:&nbsp;<\/strong>Dies geschieht insbesondere zu Kommunikationszwecken und zum Schutz unserer Systeme gegen Missbrauch.<\/p>\n\n\n\n<p><strong>8.4&nbsp;&nbsp;&nbsp;&nbsp;&nbsp; Rechtsgrundlage:&nbsp;<\/strong>Die Verarbeitung der Daten erfolgt aus berechtigtem Interesse zu oben genanntem Zweck gem. \u00a7 6 Ziffer 1 lit. (g) KDG.<\/p>\n\n\n\n<p><strong>8<\/strong><strong>.5&nbsp;&nbsp;&nbsp;&nbsp;&nbsp; Speicherdauer und L\u00f6schung:&nbsp;<\/strong>Die Daten werden erst dann gel\u00f6scht, falls keine vertraglichen oder gesetzlichen Verpflichtungen einer L\u00f6schung entgegenstehen.<\/p>\n\n\n\n<p><strong>8<\/strong><strong>.6&nbsp;&nbsp;&nbsp;&nbsp;&nbsp; Widerspruch oder Widerruf:&nbsp;<\/strong>Sie k\u00f6nnen der Kontaktaufnahme per Email jederzeit wider- sprechen. In diesem Fall kann keine weitere Korrespondenz via Email stattfinden.<\/p>\n\n\n\n<h3 class=\"wp-block-heading\"><strong>9 Partnerwebseiten<\/strong><\/h3>\n\n\n\n<p>Diese Webseite beinhaltet unter anderem auch Links zu unseren Partnern. Wenn Sie auf einen dieser Links klicken, so werden Sie automatisch zu dem jeweiligen Partner weitergeleitet und verlassen unser Webangebot. F\u00fcr die Handhabe Ihrer Daten auf den verlinkten Partnerseiten sind ausschlie\u00dflich die jeweiligen Webseitenbetreiber verantwortlich. Wir weisen ausdr\u00fccklich darauf hin, dass diese Datenschutzerkl\u00e4rung ausschlie\u00dflich f\u00fcr dieses Portal gilt. Wir haben keinen Einfluss auf andere Anbieter und kontrollieren nicht, ob die geltenden Datenschutzbestimmungen eingehalten werden.<\/p>\n\n\n\n<h3 class=\"wp-block-heading\"><strong>10 G\u00fcltigkeit<\/strong><\/h3>\n\n\n\n<p>Wir sind stets bem\u00fcht, unsere Webseite weiterzuentwickeln und neue Technologien einzusetzen. Daher kann es notwendig werden, diese Datenschutzerkl\u00e4rung zu \u00e4ndern, bzw. anzupassen. Wir behalten uns daher das Recht vor, diese Erkl\u00e4rung jederzeit mit Wirkung f\u00fcr die Zukunft zu \u00e4ndern. Bitte besuchen Sie daher diese Seite regelm\u00e4\u00dfig und lesen Sie die jeweils aktuelle Datenschutzerkl\u00e4rung von Zeit zu Zeit erneut durch.<\/p>\n","protected":false},"excerpt":{"rendered":"<p>Impressum Katholisches Pfarramt St. Josef Bahnhofstra\u00dfe 995615 MarktredwitzTel.: 09231\/9652-0 st-josef.marktredwitz(at)bistum-regensburg.de Verantwortlich f\u00fcr den Inhalt: Pfarrer Stefan Langer Datenschutzerkl\u00e4rung Wir freuen uns \u00fcber Ihren Besuch auf unserer Webseite und \u00fcber Ihr Interesse an unseren Einrichtungen und Dienstleistungen. Der Schutz Ihrer pers\u00f6nlichen Daten ist uns ein ernstes Anliegen. In der Di\u00f6zese Regensburg gelten &#8211; wie in allen [&hellip;]<\/p>\n","protected":false},"author":1,"featured_media":0,"parent":0,"menu_order":0,"comment_status":"closed","ping_status":"closed","template":"","meta":{"footnotes":""},"class_list":["post-17","page","type-page","status-publish","hentry"],"publishpress_future_action":{"enabled":false,"date":"2026-05-08 11:42:59","action":"change-status","newStatus":"draft","terms":[],"taxonomy":"","extraData":[]},"publishpress_future_workflow_manual_trigger":{"enabledWorkflows":[]},"_links":{"self":[{"href":"https:\/\/www.st-josef-marktredwitz.de\/index.php?rest_route=\/wp\/v2\/pages\/17","targetHints":{"allow":["GET"]}}],"collection":[{"href":"https:\/\/www.st-josef-marktredwitz.de\/index.php?rest_route=\/wp\/v2\/pages"}],"about":[{"href":"https:\/\/www.st-josef-marktredwitz.de\/index.php?rest_route=\/wp\/v2\/types\/page"}],"author":[{"embeddable":true,"href":"https:\/\/www.st-josef-marktredwitz.de\/index.php?rest_route=\/wp\/v2\/users\/1"}],"replies":[{"embeddable":true,"href":"https:\/\/www.st-josef-marktredwitz.de\/index.php?rest_route=%2Fwp%2Fv2%2Fcomments&post=17"}],"version-history":[{"count":7,"href":"https:\/\/www.st-josef-marktredwitz.de\/index.php?rest_route=\/wp\/v2\/pages\/17\/revisions"}],"predecessor-version":[{"id":2910,"href":"https:\/\/www.st-josef-marktredwitz.de\/index.php?rest_route=\/wp\/v2\/pages\/17\/revisions\/2910"}],"wp:attachment":[{"href":"https:\/\/www.st-josef-marktredwitz.de\/index.php?rest_route=%2Fwp%2Fv2%2Fmedia&parent=17"}],"curies":[{"name":"wp","href":"https:\/\/api.w.org\/{rel}","templated":true}]}}