{"id":77,"date":"2018-11-20T20:01:05","date_gmt":"2018-11-20T20:01:05","guid":{"rendered":"http:\/\/genesis.st-josef-marktredwitz.de\/?page_id=77"},"modified":"2023-10-12T13:16:10","modified_gmt":"2023-10-12T13:16:10","slug":"unsere-kirchen","status":"publish","type":"page","link":"https:\/\/www.st-josef-marktredwitz.de\/?page_id=77","title":{"rendered":"Unsere Kirchen"},"content":{"rendered":"\n<h2 class=\"wp-block-heading\">Pfarrkirche St. Josef<\/h2>\n\n\n\n<div class=\"wp-block-columns is-layout-flex wp-container-core-columns-is-layout-28f84493 wp-block-columns-is-layout-flex\">\n<div class=\"wp-block-column is-layout-flow wp-block-column-is-layout-flow\">\n<p>Die Pfarrkirche St. Josef wurde gebaut, da der Platz f\u00fcr die wachsende Zahl der Gl\u00e4ubigen in der ehemaligen katholischen Pfarrkirche St. Theresia (Theresienkirche) nicht mehr ausreichte.<\/p>\n\n\n\n<figure class=\"wp-block-image aligncenter size-large\"><img loading=\"lazy\" decoding=\"async\" width=\"1024\" height=\"685\" src=\"https:\/\/www.st-josef-marktredwitz.de\/wp-content\/uploads\/2019\/05\/Marktredwitz-St-Josef-Aussenansicht-2008-07_7667_DXO_ergebnis-1024x685.jpg\" alt=\"\" class=\"wp-image-739\" srcset=\"https:\/\/www.st-josef-marktredwitz.de\/wp-content\/uploads\/2019\/05\/Marktredwitz-St-Josef-Aussenansicht-2008-07_7667_DXO_ergebnis-1024x685.jpg 1024w, https:\/\/www.st-josef-marktredwitz.de\/wp-content\/uploads\/2019\/05\/Marktredwitz-St-Josef-Aussenansicht-2008-07_7667_DXO_ergebnis-500x335.jpg 500w, https:\/\/www.st-josef-marktredwitz.de\/wp-content\/uploads\/2019\/05\/Marktredwitz-St-Josef-Aussenansicht-2008-07_7667_DXO_ergebnis-768x514.jpg 768w, https:\/\/www.st-josef-marktredwitz.de\/wp-content\/uploads\/2019\/05\/Marktredwitz-St-Josef-Aussenansicht-2008-07_7667_DXO_ergebnis.jpg 1600w\" sizes=\"auto, (max-width: 1024px) 100vw, 1024px\" \/><\/figure>\n\n\n\n<p>Die Pl\u00e4ne stammten von Domvikar Georg Dengler aus Regensburg, Baumeister war Friedrich M\u00fchlh\u00f6fer aus Marktredwitz. Bischof Ignazius von Senestry weihte die Kirche am 07. Oktober 1895. Ein Jahr sp\u00e4ter wurde der Pfarrhof erbaut, der im Jahre 1916 eine Erweiterung erfuhr.<\/p>\n\n\n\n<p>Die Stadtpfarrkirche ist ein neugotischer Backsteinbau.<\/p>\n\n\n\n<figure class=\"wp-block-image aligncenter size-large\"><img loading=\"lazy\" decoding=\"async\" width=\"1024\" height=\"685\" src=\"https:\/\/www.st-josef-marktredwitz.de\/wp-content\/uploads\/2019\/05\/Marktredwitz-St-Josef-Innenansicht-2008-07_7630_DXO_ergebnis-1024x685.jpg\" alt=\"\" class=\"wp-image-736\" srcset=\"https:\/\/www.st-josef-marktredwitz.de\/wp-content\/uploads\/2019\/05\/Marktredwitz-St-Josef-Innenansicht-2008-07_7630_DXO_ergebnis-1024x685.jpg 1024w, https:\/\/www.st-josef-marktredwitz.de\/wp-content\/uploads\/2019\/05\/Marktredwitz-St-Josef-Innenansicht-2008-07_7630_DXO_ergebnis-500x335.jpg 500w, https:\/\/www.st-josef-marktredwitz.de\/wp-content\/uploads\/2019\/05\/Marktredwitz-St-Josef-Innenansicht-2008-07_7630_DXO_ergebnis-768x514.jpg 768w, https:\/\/www.st-josef-marktredwitz.de\/wp-content\/uploads\/2019\/05\/Marktredwitz-St-Josef-Innenansicht-2008-07_7630_DXO_ergebnis.jpg 1600w\" sizes=\"auto, (max-width: 1024px) 100vw, 1024px\" \/><\/figure>\n<\/div>\n<\/div>\n\n\n\n<div class=\"wp-block-columns is-layout-flex wp-container-core-columns-is-layout-28f84493 wp-block-columns-is-layout-flex\">\n<div class=\"wp-block-column is-layout-flow wp-block-column-is-layout-flow\">\n<p>Der Hochaltar zeigt Bilder aus dem Leben des Kirchenpatrons, des&nbsp;Heiligen Josef: auf der rechten Seite Josef als Zimmermann und links der Tod des Heiligen.<\/p>\n\n\n\n<p>Die Kreuzigungsgruppe wurde anl\u00e4sslich einer Gemeindemission im Jahre 1937 errichtet. Neben dem gekreuzigten Erl\u00f6ser sind Maria und Johannes dargestellt.<\/p>\n<\/div>\n<\/div>\n\n\n\n<p>Die Fenster im Altarraum wurden von den Familien Hellberg und Maierh\u00f6fer gestiftet.<\/p>\n\n\n\n<p>Auf der linken Seite sind die beiden Apostelf\u00fcrsten Petrus und Paulus dargestellt, rechts die Heiligen Emmeram und Wolfgang, die beiden Patrone der Di\u00f6zese Regensburg.<\/p>\n\n\n\n<p>Weiterhin befinden sich folgende Figuren im Altarraum: Auf der linken Seite der Heilige Wendelin (um 1760) und&nbsp;der Erzengel Michael mit dem Flammenschwert und dem Schriftband &#8222;Wer ist wie Gott&#8220; &#8211; die \u00dcbersetzung seines Namens (Fr\u00fchrokoko). Rechts&nbsp;befinden sich der&nbsp;Heilige Florian, der das brennende Haus l\u00f6scht (Fr\u00fchrokoko) und der Heilige Christophorus, Christustr\u00e4ger und Patron aller, die unterwegs sind (sp\u00e4tes 17. Jahrhundert).<\/p>\n\n\n\n<div class=\"wp-block-columns is-layout-flex wp-container-core-columns-is-layout-28f84493 wp-block-columns-is-layout-flex\">\n<div class=\"wp-block-column is-layout-flow wp-block-column-is-layout-flow\">\n<figure class=\"wp-block-image aligncenter size-large\"><img loading=\"lazy\" decoding=\"async\" width=\"685\" height=\"1024\" src=\"https:\/\/www.st-josef-marktredwitz.de\/wp-content\/uploads\/2019\/05\/Marktredwitz-St-Josef-Detail-2008-07_7573_DXO_ergebnis-685x1024.jpg\" alt=\"\" class=\"wp-image-734\" srcset=\"https:\/\/www.st-josef-marktredwitz.de\/wp-content\/uploads\/2019\/05\/Marktredwitz-St-Josef-Detail-2008-07_7573_DXO_ergebnis-685x1024.jpg 685w, https:\/\/www.st-josef-marktredwitz.de\/wp-content\/uploads\/2019\/05\/Marktredwitz-St-Josef-Detail-2008-07_7573_DXO_ergebnis-335x500.jpg 335w, https:\/\/www.st-josef-marktredwitz.de\/wp-content\/uploads\/2019\/05\/Marktredwitz-St-Josef-Detail-2008-07_7573_DXO_ergebnis-768x1148.jpg 768w, https:\/\/www.st-josef-marktredwitz.de\/wp-content\/uploads\/2019\/05\/Marktredwitz-St-Josef-Detail-2008-07_7573_DXO_ergebnis.jpg 803w\" sizes=\"auto, (max-width: 685px) 100vw, 685px\" \/><\/figure>\n\n\n\n<p>Auf der linken Seite des Hauptschiffes befindet sich eine sp\u00e4tgotische Marienstatue, die von einem ehemahligen Marienaltar stammt. Sie erinnert an die ber\u00fchmte Leinberger-Madonna in der Martinskirche von Landshut. In der Nische ist die Taufkapelle mit einem Mosaik des Heiligen Sebastian &#8211; die Namen der Gefallenen der beiden Weltkriege sollen uns stille Mahnung zum Frieden sein.<\/p>\n\n\n\n<figure class=\"wp-block-image aligncenter size-large\"><img loading=\"lazy\" decoding=\"async\" width=\"685\" height=\"1024\" src=\"https:\/\/www.st-josef-marktredwitz.de\/wp-content\/uploads\/2019\/05\/Marktredwitz-St-Josef-Detail-2008-07_7572_DXO_ergebnis-685x1024.jpg\" alt=\"\" class=\"wp-image-733\" srcset=\"https:\/\/www.st-josef-marktredwitz.de\/wp-content\/uploads\/2019\/05\/Marktredwitz-St-Josef-Detail-2008-07_7572_DXO_ergebnis-685x1024.jpg 685w, https:\/\/www.st-josef-marktredwitz.de\/wp-content\/uploads\/2019\/05\/Marktredwitz-St-Josef-Detail-2008-07_7572_DXO_ergebnis-335x500.jpg 335w, https:\/\/www.st-josef-marktredwitz.de\/wp-content\/uploads\/2019\/05\/Marktredwitz-St-Josef-Detail-2008-07_7572_DXO_ergebnis-768x1148.jpg 768w, https:\/\/www.st-josef-marktredwitz.de\/wp-content\/uploads\/2019\/05\/Marktredwitz-St-Josef-Detail-2008-07_7572_DXO_ergebnis.jpg 803w\" sizes=\"auto, (max-width: 685px) 100vw, 685px\" \/><\/figure>\n\n\n\n<p>Rechts ist eine Herz-Jesu-Statue vom ehemaligen Herz-Jesu-Altar. Aus dem Herzen Jesu Christi entspringen die Sakramente der Kirche, durch seine Liebe sind wir erl\u00f6st. Daher ist in der benachbarten Nische das Beichtzimmer untergebracht &#8211; Ort f\u00fcr das Sakrament der Vers\u00f6hnung.<\/p>\n<\/div>\n<\/div>\n\n\n\n<p>Im Kirchenschiff sind in fr\u00fchbarocker Ausf\u00fchrung an den S\u00e4ulen sechs Apostel angebracht. Auf der linken Seite die Apostel Petrus (Schl\u00fcssel), Thomas (Winkelma\u00df, Lanze) und Judas Thadd\u00e4us (Buch, Keule); rechts Paulus (Schwert), Bartholom\u00e4us (Buch, Messer) und Jakobus der \u00c4ltere (Pilgerstab, Muschel).<\/p>\n\n\n\n<p>Das Abendmalbild sowie die Stationen des Kreuzwegs wurden von Gotthard Bauer gemalt. \u00dcber dem ehemaligen Seiteneingang links ist der Heilige Franz Xaver (mit Kreuz, um 1760) und der Heilige Wolfgang (Bischofsstab und Kirche, sp\u00e4tgotisch) angebracht.<\/p>\n\n\n\n<p>An der R\u00fcckwand der Kirche befindet sich eine schlichte Bruder-Konrad-Gedenktafel, die vor der Renovierung 1976\/77 noch ein kleiner Altar war. Links und rechts daneben im Stil des Rokoko die Eltern der&nbsp;Heiligen Maria: die&nbsp;Heilige Anna (Buch) und der Heilige Joachim (Stab, Taubenopfer).<\/p>\n\n\n\n<figure class=\"wp-block-image size-large\"><img loading=\"lazy\" decoding=\"async\" width=\"1024\" height=\"685\" src=\"https:\/\/www.st-josef-marktredwitz.de\/wp-content\/uploads\/2019\/05\/Marktredwitz-St-Josef-Detail-2008-07_7635_DXO_ergebnis-1024x685.jpg\" alt=\"\" class=\"wp-image-735\"\/><\/figure>\n\n\n\n<p>Auf der Empore steht eine 3-manualige Mathis-Orgel aus der Schweiz mit einem eindrucksvollen Klangk\u00f6rper.<\/p>\n\n\n\n<p>Als Oase der Stille steht unsere Kirche allen offen,&nbsp;die Gebet, Besinnung und Erholung suchen.<\/p>\n\n\n\n<h3 class=\"wp-block-heading\">Josefsstele auf dem Kirchplatz<\/h3>\n\n\n\n<p>Die Granitstele wurde von Bildhauer G\u00fcnter Mauermann aus Weiden geschaffen.&nbsp;Der K\u00fcnstler wollte die wesentlichen Taten des Heiligen Josef in einer Reihe von Einzelszenen darstellen, zusammengehalten von der Gestalt des Heiligen in der Mitte.<\/p>\n\n\n\n<figure class=\"wp-block-image aligncenter size-large\"><img loading=\"lazy\" decoding=\"async\" width=\"768\" height=\"1024\" src=\"https:\/\/www.st-josef-marktredwitz.de\/wp-content\/uploads\/2019\/05\/Josefsstele-02-768x1024.jpg\" alt=\"\" class=\"wp-image-741\" srcset=\"https:\/\/www.st-josef-marktredwitz.de\/wp-content\/uploads\/2019\/05\/Josefsstele-02-768x1024.jpg 768w, https:\/\/www.st-josef-marktredwitz.de\/wp-content\/uploads\/2019\/05\/Josefsstele-02-375x500.jpg 375w, https:\/\/www.st-josef-marktredwitz.de\/wp-content\/uploads\/2019\/05\/Josefsstele-02.jpg 1704w\" sizes=\"auto, (max-width: 768px) 100vw, 768px\" \/><\/figure>\n\n\n\n<p>Der Heilige Josef stammte aus dem Geschlecht des K\u00f6nigs David. Auf der linken Seite ist sein Urahne, K\u00f6nig David, als Psalmens\u00e4nger mit der Harfe dargestellt. \u00d6fter erhielt Josef im Traum Botschaften Gottes durch einen Engel, auf der R\u00fcckseite der Stele dargestellt. Die Vorderseite zeigt Josef mit der S\u00e4ge, einem Zeichen seines Berufs als Zimmermann. Sch\u00fctzend steht er als der Mann der Tat und des Gehorsams \u00fcber der Kindheit Jesu. Er beh\u00fctet Maria bei der Geburt in Betlehem (unten), auf der Flucht nach \u00c4gypten (Mitte) und er bringt Jesus zur Darstellung in den Tempel (oben, mit Zuh\u00f6rern).<\/p>\n\n\n\n<p>Die Stele wurde am 08. Oktober 1995 vom damaligen Bischof von Regensburg,&nbsp;H. H. Manfred M\u00fcller, gesegnet.<\/p>\n\n\n\n<h2 class=\"wp-block-heading\">Theresienkirche<\/h2>\n\n\n\n<p>Im Jahr 1560, drei\u00dfig Jahre nach der Markgrafenschaft Bayreuth, war Marktredwitz protestantisch. W\u00e4hrend des 30-j\u00e4hrigen Krieges bis hinein&nbsp;ins 18. Jahrhundert gab es kaum katholische Einwohner. Nachdem es immer wieder zu Grenzzwischenf\u00e4llen kam begann man, eine kleine Garnison einzurichten. Die seelsorgerliche Betreuung der&nbsp;(zumeist) katholischen Soldaten oblag der b\u00f6hmischen Landesherrin, Kaiserin Maria Theresia.<\/p>\n\n\n\n<figure class=\"wp-block-image size-large\"><img loading=\"lazy\" decoding=\"async\" width=\"1024\" height=\"768\" src=\"https:\/\/www.st-josef-marktredwitz.de\/wp-content\/uploads\/2019\/05\/Theresienkirche-au\u00dfen-1024x768.jpg\" alt=\"\" class=\"wp-image-746\" srcset=\"https:\/\/www.st-josef-marktredwitz.de\/wp-content\/uploads\/2019\/05\/Theresienkirche-au\u00dfen-1024x768.jpg 1024w, https:\/\/www.st-josef-marktredwitz.de\/wp-content\/uploads\/2019\/05\/Theresienkirche-au\u00dfen-500x375.jpg 500w, https:\/\/www.st-josef-marktredwitz.de\/wp-content\/uploads\/2019\/05\/Theresienkirche-au\u00dfen-768x576.jpg 768w\" sizes=\"auto, (max-width: 1024px) 100vw, 1024px\" \/><\/figure>\n\n\n\n<p>Um Gottesdienste abhalten zu k\u00f6nnen, sollte urspr\u00fcnglich eine katholische Milit\u00e4rkapelle samt Pfarrhof errichtet werden; daf\u00fcr wurden im Jahr 1755 zwei H\u00e4user auf dem oberen Markt erworben.&nbsp;Nachdem es 1763 erneut zu Auseinandersetzungen kam, wurde eine ganze Kompanie, samt ihrer Familien, nach Redwitz verlegt.&nbsp;Daraufhin kam es zum Bau der ehemaligen katholischen Pfarrkirche St. Theresia (jetzt Theresienkirche) mit Grundsteinlegung im Jahr 1776.&nbsp;Die Weihe des Gotteshauses fand am 15. Oktober 1777 (Festtag der Kirchenpatronin Hl. Teresia von Avila) statt; 1785 wurde die Theresienkirche zur Pfarrkirche der Garnison und der katholischen Zivilbev\u00f6lkerung&nbsp;erhoben.<\/p>\n\n\n\n<p>Das Geb\u00e4ude liegt schr\u00e4g gegen\u00fcber dem Rathaus, an der Kreuzung zweier wichtiger Stra\u00dfen. Es ist mitsamt dem ehemaligen Priesterhaus eingebunden in die H\u00e4userflucht.<\/p>\n\n\n\n<p>Die Kirche ist im Stil des r\u00f6mischen Barocks gebaut. Der Name des Baumeisters ist nicht bekannt; die Quellen erw\u00e4hnen nur, dass er aus Eger stammte.<\/p>\n\n\n\n<p>Der Hochaltar stammt aus der Zeit der Kirchenerbauung und wurde im Stil des ausgehenden Rokoko geschaffen. Die Tabernakelt\u00fcr ist geschm\u00fcckt mit dem Bild des Pelikans, der seine Jungen mit dem eigenen Herzblut ern\u00e4hrt (Symbol f\u00fcr das Kreuzesopfer Christi). Weiter befinden sich am Hochalter die Skulpturen des Heiligen Petrus (Schl\u00fcssel), des Heiligen Paulus (Schwert), die Heilige Anna (Buch) und ein weiterer m\u00e4nnlicher Heiliger, der vermutlich den Heiligen Josef darstellt.<\/p>\n\n\n\n<figure class=\"wp-block-image aligncenter size-large\"><img loading=\"lazy\" decoding=\"async\" width=\"768\" height=\"1024\" src=\"https:\/\/www.st-josef-marktredwitz.de\/wp-content\/uploads\/2019\/05\/Theresienkirche-Altar-768x1024.jpg\" alt=\"\" class=\"wp-image-751\" srcset=\"https:\/\/www.st-josef-marktredwitz.de\/wp-content\/uploads\/2019\/05\/Theresienkirche-Altar-768x1024.jpg 768w, https:\/\/www.st-josef-marktredwitz.de\/wp-content\/uploads\/2019\/05\/Theresienkirche-Altar-375x500.jpg 375w, https:\/\/www.st-josef-marktredwitz.de\/wp-content\/uploads\/2019\/05\/Theresienkirche-Altar.jpg 900w\" sizes=\"auto, (max-width: 768px) 100vw, 768px\" \/><\/figure>\n\n\n\n<p> Auf dem Altarblatt ist die Verz\u00fcckung der Heiligen Teresa zu sehen (Gebetserfahrung, bei der die Heilige die Liebe Christi erfuhr).<\/p>\n\n\n\n<p>Die Fresken in der Kirche wurden von A. Stadler geschaffen und stellen dar:<\/p>\n\n\n\n<ul class=\"wp-block-list\">\n<li>die Speisung der F\u00fcnftausend Mt 14,15-21 (h\u00e4ufig theologisch interpretiert&nbsp;als Zeichen f\u00fcr die Eucharistie),<\/li>\n\n\n\n<li>die Himmelfahrt Mariens (oft Symbol als k\u00fcnstlerisches Thema der Gegenreformation),<\/li>\n\n\n\n<li>die&nbsp;stillende Mutter verk\u00f6rpert Caritas (N\u00e4chstenliebe),<\/li>\n\n\n\n<li>Putten&nbsp;mit F\u00fcllhorn (Zeichen f\u00fcr&nbsp;den \u00dcberfluss),<\/li>\n\n\n\n<li>sowie die Schl\u00fcssel\u00fcbergabe an&nbsp; Petrus Mt 16, 17-19 (r\u00f6misch-katholische Tradition f\u00fcr das Binden und L\u00f6sen als Bild f\u00fcr den Primat des Papstes).<\/li>\n<\/ul>\n\n\n\n<p>Zu F\u00fc\u00dfen von Christus ist die Signatur des Malers zu erkennen.<\/p>\n\n\n\n<figure class=\"wp-block-image aligncenter\"><img loading=\"lazy\" decoding=\"async\" width=\"247\" height=\"500\" src=\"https:\/\/www.st-josef-marktredwitz.de\/wp-content\/uploads\/2019\/05\/Theresienkirche-Kanzel-247x500.jpg\" alt=\"\" class=\"wp-image-752\" srcset=\"https:\/\/www.st-josef-marktredwitz.de\/wp-content\/uploads\/2019\/05\/Theresienkirche-Kanzel-247x500.jpg 247w, https:\/\/www.st-josef-marktredwitz.de\/wp-content\/uploads\/2019\/05\/Theresienkirche-Kanzel-505x1024.jpg 505w, https:\/\/www.st-josef-marktredwitz.de\/wp-content\/uploads\/2019\/05\/Theresienkirche-Kanzel.jpg 592w\" sizes=\"auto, (max-width: 247px) 100vw, 247px\" \/><\/figure>\n\n\n\n<p>Die Kanzel wurde in der Tradition des Rokoko geschaffen. Sie besitzt einen Schalldeckel, auf welcher die Auferstehung dargestellt ist, zwei Putten, eine Tiara&nbsp;(Attribut des Heiligen&nbsp;Papstes Gregor), eine&nbsp;Posaune (willk\u00fcrlich 1983&nbsp;ver\u00e4ndert, urspr\u00fcnglich&nbsp;mit dem Stab des Heiligen Einsiedlers Hieronymus), ein Engel mit Bienenkorb (Heiliger Ambrosius), und das Flammende Herz (Hl. Augustinus). Diese Heiligen gelten als r\u00f6mische Kirchenv\u00e4ter und als &#8222;S\u00e4ulen der Kirche&#8220;, Garanten der richtigen Lehre.<\/p>\n\n\n\n<figure class=\"wp-block-image aligncenter\"><img loading=\"lazy\" decoding=\"async\" width=\"375\" height=\"500\" src=\"https:\/\/www.st-josef-marktredwitz.de\/wp-content\/uploads\/2019\/05\/Theresienkirche-Maria-375x500.jpg\" alt=\"\" class=\"wp-image-753\" srcset=\"https:\/\/www.st-josef-marktredwitz.de\/wp-content\/uploads\/2019\/05\/Theresienkirche-Maria-375x500.jpg 375w, https:\/\/www.st-josef-marktredwitz.de\/wp-content\/uploads\/2019\/05\/Theresienkirche-Maria-768x1024.jpg 768w, https:\/\/www.st-josef-marktredwitz.de\/wp-content\/uploads\/2019\/05\/Theresienkirche-Maria.jpg 900w\" sizes=\"auto, (max-width: 375px) 100vw, 375px\" \/><\/figure>\n\n\n\n<p>Sehenswert sind weiter: der Taufstein, der Kreuzweg (1779) mit 15 Stationen, die Madonna als Patrona Bavariae (18. Jahrhundert), Antonius von Padua, Christus am Kreuz, das Kastenschloss am Hauptportal mit doppelk\u00f6pfigem Reichsadler (und Ornament &#8222;JO&#8220; f\u00fcr Joseph und &#8222;M&#8220; f\u00fcr Maria Theresia) aus dem Jahr 1777.<\/p>\n\n\n\n<p>Die Kirche ist zweigeschossig. Weitere&nbsp;\u00e4u\u00dfere&nbsp;Merkmale sind:<\/p>\n\n\n\n<ul class=\"wp-block-list\">\n<li>die Inschrift auf dem Portal:<br><strong>OPUS CURANTE SENATU CIVITATIS EGRAE A SAL. MDCCLXXVII<br><\/strong>(Ein Werk im Auftrag des Stadtrates von Eger im Jahre des Heils 1777)<\/li>\n\n\n\n<li>eine weitere Inschrift am Verdachungsgesims:<br><strong>IOSEPHUS II ET MARIA THERESIA AUG. HANC AEDEM HONORIBUS DIVAE THERESIAE VIRGINIS PRO DIVINIS MILITIS STATIONARIO ADMINISTRANDIS EXTRUI IUSSERE<br><\/strong>(Kaiser Joseph II. und Kaiserin Maria Theresia haben angeordnet,&nbsp;dieses Bauwerk zu Ehren der Heiligen Jungfrau Theresia f\u00fcr den Gottesdienst der Garnision zu errichten)<\/li>\n\n\n\n<li>die Statue der Ecclesia mit Tiara und Papstkreuz (der Kelch ist verwittert) in der Nische auf der Frontseite<\/li>\n<\/ul>\n","protected":false},"excerpt":{"rendered":"<p>Pfarrkirche St. Josef Die Pfarrkirche St. Josef wurde gebaut, da der Platz f\u00fcr die wachsende Zahl der Gl\u00e4ubigen in der ehemaligen katholischen Pfarrkirche St. Theresia (Theresienkirche) nicht mehr ausreichte. Die Pl\u00e4ne stammten von Domvikar Georg Dengler aus Regensburg, Baumeister war Friedrich M\u00fchlh\u00f6fer aus Marktredwitz. Bischof Ignazius von Senestry weihte die Kirche am 07. Oktober 1895. [&hellip;]<\/p>\n","protected":false},"author":1,"featured_media":0,"parent":25,"menu_order":12,"comment_status":"closed","ping_status":"closed","template":"","meta":{"footnotes":""},"class_list":["post-77","page","type-page","status-publish","hentry"],"publishpress_future_action":{"enabled":false,"date":"2026-05-08 13:35:33","action":"change-status","newStatus":"draft","terms":[],"taxonomy":"","extraData":[]},"publishpress_future_workflow_manual_trigger":{"enabledWorkflows":[]},"_links":{"self":[{"href":"https:\/\/www.st-josef-marktredwitz.de\/index.php?rest_route=\/wp\/v2\/pages\/77","targetHints":{"allow":["GET"]}}],"collection":[{"href":"https:\/\/www.st-josef-marktredwitz.de\/index.php?rest_route=\/wp\/v2\/pages"}],"about":[{"href":"https:\/\/www.st-josef-marktredwitz.de\/index.php?rest_route=\/wp\/v2\/types\/page"}],"author":[{"embeddable":true,"href":"https:\/\/www.st-josef-marktredwitz.de\/index.php?rest_route=\/wp\/v2\/users\/1"}],"replies":[{"embeddable":true,"href":"https:\/\/www.st-josef-marktredwitz.de\/index.php?rest_route=%2Fwp%2Fv2%2Fcomments&post=77"}],"version-history":[{"count":3,"href":"https:\/\/www.st-josef-marktredwitz.de\/index.php?rest_route=\/wp\/v2\/pages\/77\/revisions"}],"predecessor-version":[{"id":2453,"href":"https:\/\/www.st-josef-marktredwitz.de\/index.php?rest_route=\/wp\/v2\/pages\/77\/revisions\/2453"}],"up":[{"embeddable":true,"href":"https:\/\/www.st-josef-marktredwitz.de\/index.php?rest_route=\/wp\/v2\/pages\/25"}],"wp:attachment":[{"href":"https:\/\/www.st-josef-marktredwitz.de\/index.php?rest_route=%2Fwp%2Fv2%2Fmedia&parent=77"}],"curies":[{"name":"wp","href":"https:\/\/api.w.org\/{rel}","templated":true}]}}